{"id":89,"date":"2014-06-15T01:39:38","date_gmt":"2014-06-15T01:39:38","guid":{"rendered":"http:\/\/societeartistiquedecharlesbourg.com\/sac\/?page_id=89"},"modified":"2022-05-11T08:19:09","modified_gmt":"2022-05-11T13:19:09","slug":"racontarts","status":"publish","type":"page","link":"https:\/\/www.societeartistiquedecharlesbourg.com\/?page_id=89","title":{"rendered":"Racont&rsquo;arts"},"content":{"rendered":"<div class=\"wpb-content-wrapper\"><p>[vc_row margin_top=\u00a0\u00bb0&Prime; margin_bottom=\u00a0\u00bb0&Prime; padding_left=\u00a0\u00bb40&Prime; padding_right=\u00a0\u00bb40&Prime; bg_position=\u00a0\u00bbtop\u00a0\u00bb bg_repeat=\u00a0\u00bbno-repeat\u00a0\u00bb bg_cover=\u00a0\u00bbfalse\u00a0\u00bb bg_attachment=\u00a0\u00bbfalse\u00a0\u00bb padding_top=\u00a0\u00bb40&Prime; padding_bottom=\u00a0\u00bb40&Prime; parallax_speed=\u00a0\u00bb0.1&Prime;][vc_column][vc_column_text]<\/p>\n<h2>Notre bulletin d&rsquo;information<\/h2>\n<p>Les Racont\u2019arts, c\u2019est pour tout savoir de la Soci\u00e9t\u00e9 artistique de Charlesbourg; prochaines activit\u00e9s, cours et informations concernant la Soci\u00e9t\u00e9 , vous saurez tout !<\/p>\n<p>Vous pouvez \u00e9galement consulter les versions ant\u00e9rieures des Racont\u2019arts ici :[\/vc_column_text][\/vc_column][\/vc_row][vc_row min_height=\u00a0\u00bb30&Prime; margin_top=\u00a0\u00bb15&Prime; margin_bottom=\u00a0\u00bb15&Prime; padding_left=\u00a0\u00bb40&Prime; padding_right=\u00a0\u00bb40&Prime; bg_position=\u00a0\u00bbtop\u00a0\u00bb bg_repeat=\u00a0\u00bbno-repeat\u00a0\u00bb bg_cover=\u00a0\u00bbfalse\u00a0\u00bb bg_attachment=\u00a0\u00bbfalse\u00a0\u00bb padding_top=\u00a0\u00bb40&Prime; padding_bottom=\u00a0\u00bb40&Prime; parallax_speed=\u00a0\u00bb0.1&Prime;][vc_column width=\u00a0\u00bb1\/1&Prime;][vc_separator color=\u00a0\u00bbgrey\u00a0\u00bb][\/vc_column][\/vc_row][vc_row][vc_column width=\u00a0\u00bb1\/1&Prime;][vc_column_text css=\u00a0\u00bb.vc_custom_1473426042392{padding: 20px !important;background-color: #ededed !important;}\u00a0\u00bb]<\/p>\n<h3>DERNI\u00c8RES PUBLICATIONS<\/h3>\n<ul>\n<li><a href=\"http:\/\/www.societeartistiquedecharlesbourg.com\/sac\/wp-content\/uploads\/2022\/05\/Racontarts-mai-2022.pdf\">Racontarts mai 2022<\/a><\/li>\n<li><a href=\"http:\/\/www.societeartistiquedecharlesbourg.com\/sac\/wp-content\/uploads\/2022\/01\/Racontarts-d\u00e9cembre-2021.pdf\">Racontarts d\u00e9cembre 2021<\/a><\/li>\n<li><a href=\"http:\/\/www.societeartistiquedecharlesbourg.com\/sac\/wp-content\/uploads\/2021\/11\/Racontarts-octobre2021.pdf\">Racontarts octobre2021<\/a><\/li>\n<li><a href=\"http:\/\/www.societeartistiquedecharlesbourg.com\/sac\/wp-content\/uploads\/2020\/12\/Racontarts-d\u00e9cembre-2020.pdf\">Racontarts d\u00e9cembre 2020<\/a><\/li>\n<li><a href=\"http:\/\/www.societeartistiquedecharlesbourg.com\/sac\/wp-content\/uploads\/2020\/10\/Racontarts-octobre-2020.pdf\">Racontarts octobre 2020 <\/a><a href=\"http:\/\/www.societeartistiquedecharlesbourg.com\/sac\/wp-content\/uploads\/2019\/05\/Racontarts-mai-2019.pdf\">(Nouveau)<\/a><\/li>\n<li><a href=\"http:\/\/www.societeartistiquedecharlesbourg.com\/sac\/wp-content\/uploads\/2020\/06\/Racontarts-mai-2020.pdf\">Racontarts mai 2020<\/a><\/li>\n<li><a href=\"http:\/\/www.societeartistiquedecharlesbourg.com\/sac\/wp-content\/uploads\/2019\/11\/Racontarts-novembre-2019.pdf\">Racontarts nove<\/a><\/li>\n<li><a href=\"http:\/\/www.societeartistiquedecharlesbourg.com\/sac\/wp-content\/uploads\/2019\/08\/RacontArts-aout-2019.pdf\">RacontArts aout 2019<\/a><\/li>\n<li><a href=\"http:\/\/www.societeartistiquedecharlesbourg.com\/sac\/wp-content\/uploads\/2019\/05\/Racontarts-mai-2019.pdf\">Racontarts mai 2019\u00a0<\/a><\/li>\n<li><a href=\"http:\/\/www.societeartistiquedecharlesbourg.com\/sac\/wp-content\/uploads\/2018\/11\/Racontarts-novembre2018.pdf\">Les Raco<\/a><a href=\"http:\/\/www.societeartistiquedecharlesbourg.com\/sac\/wp-content\/uploads\/2018\/11\/Racontarts-novembre2018.pdf\">nt&rsquo;arts &#8211; Novembre 2018<\/a><\/li>\n<li><a href=\"http:\/\/www.societeartistiquedecharlesbourg.com\/sac\/wp-content\/uploads\/2018\/08\/Raconarts-aout2018.pdf\">Les Racont&rsquo;arts &#8211; Ao\u00fbt 2018<\/a><\/li>\n<li><a href=\"http:\/\/www.societeartistiquedecharlesbourg.com\/sac\/wp-content\/uploads\/2014\/06\/Racontarts-mai-2018.pdf\">Les Racont&rsquo;arts &#8211; Mai 2018<\/a><\/li>\n<li><a href=\"http:\/\/www.societeartistiquedecharlesbourg.com\/sac\/wp-content\/uploads\/2014\/06\/Racontarts-f\u00e9vrier-ma2018.pdf\">Les Racont&rsquo;arts &#8211; F\u00e9vrier 2018<\/a><\/li>\n<li><a href=\"http:\/\/www.societeartistiquedecharlesbourg.com\/sac\/wp-content\/uploads\/2014\/06\/Racontarts-decembre2017.pdf\">Les Racont&rsquo;arts &#8211; D\u00e9cembre 2017<\/a><strong><span style=\"color: #ff0000;\"><br \/>\n<\/span><\/strong><\/li>\n<li><a href=\"http:\/\/www.societeartistiquedecharlesbourg.com\/sac\/wp-content\/uploads\/2014\/06\/racontarts-nov2017.pdf\">Les Racont&rsquo;arts, Novembre 2017<\/a><\/li>\n<li><a href=\"http:\/\/www.societeartistiquedecharlesbourg.com\/sac\/wp-content\/uploads\/2014\/06\/Racontarts-aout2017.pdf\">Les Racont&rsquo;arts, Ao\u00fbt 2017<\/a><\/li>\n<li><a href=\"http:\/\/www.societeartistiquedecharlesbourg.com\/sac\/wp-content\/uploads\/2014\/07\/Racontarts-mai-2017.pdf\">Les Racont&rsquo;arts, Mai 2017<\/a><\/li>\n<li><a href=\"http:\/\/www.societeartistiquedecharlesbourg.com\/sac\/wp-content\/uploads\/2014\/06\/Racontarts-janvier-2017-final.pdf\">Les Racont&rsquo;arts, Janvier 2017<\/a><\/li>\n<li><a href=\"http:\/\/www.societeartistiquedecharlesbourg.com\/sac\/wp-content\/uploads\/2016\/10\/octobre2016.pdf\">Les Racont&rsquo;arts, Octobre 2016<\/a><\/li>\n<li><a href=\"http:\/\/www.societeartistiquedecharlesbourg.com\/sac\/wp-content\/uploads\/2014\/06\/Racontarts-Ao\u00fbt-2016.pdf\">Les Racont&rsquo;arts, Ao\u00fbt 2016<\/a><\/li>\n<li><a href=\"http:\/\/www.societeartistiquedecharlesbourg.com\/sac\/wp-content\/uploads\/2014\/06\/Racontarts-mai-2016.pdf\">Les Racont&rsquo;arts, Mai 2016<\/a><\/li>\n<li><a href=\"http:\/\/www.societeartistiquedecharlesbourg.com\/sac\/wp-content\/uploads\/2014\/06\/Racontarts-janvier-2016.pdf\">Les Racont&rsquo;Arts Janvier 2016<\/a><\/li>\n<li><a href=\"http:\/\/www.societeartistiquedecharlesbourg.com\/sac\/wp-content\/uploads\/2014\/06\/Racontarts-d\u00e9cembre-2015cc.pdf\">Les Racont&rsquo;Arts, D\u00e9cembre 2015<\/a><\/li>\n<li><a href=\"http:\/\/www.societeartistiquedecharlesbourg.com\/sac\/wp-content\/uploads\/2014\/06\/Les-Racontarts-Ao\u00fbt-2015.pdf\">Les Racont&rsquo;arts, Ao\u00fbt 2015<\/a><\/li>\n<li><a href=\"http:\/\/www.societeartistiquedecharlesbourg.com\/sac\/wp-content\/uploads\/2014\/06\/Racontarts-avril-2015v1.pdf\">Les Racont&rsquo;arts, Avril 2015<\/a><\/li>\n<li><a href=\"http:\/\/societeartistiquedecharlesbourg.com\/sac\/wp-content\/uploads\/2014\/06\/racontarts-novembre-2014.pdf\">Les Racont&rsquo;arts, Novembre 2014<\/a><\/li>\n<li><a href=\"http:\/\/societeartistiquedecharlesbourg.com\/sac\/wp-content\/uploads\/2014\/06\/Racontarts-aout2014.pdf\">Les Racont&rsquo;arts, Ao\u00fbt 2014<\/a><\/li>\n<\/ul>\n<p>[\/vc_column_text][\/vc_column][\/vc_row]<\/p>\n<\/div>","protected":false},"excerpt":{"rendered":"<p>[vc_row margin_top=\u00a0\u00bb0&Prime; margin_bottom=\u00a0\u00bb0&Prime; padding_left=\u00a0\u00bb40&Prime; padding_right=\u00a0\u00bb40&Prime; bg_position=\u00a0\u00bbtop\u00a0\u00bb bg_repeat=\u00a0\u00bbno-repeat\u00a0\u00bb bg_cover=\u00a0\u00bbfalse\u00a0\u00bb bg_attachment=\u00a0\u00bbfalse\u00a0\u00bb padding_top=\u00a0\u00bb40&Prime; padding_bottom=\u00a0\u00bb40&Prime; parallax_speed=\u00a0\u00bb0.1&Prime;][vc_column][vc_column_text] Notre bulletin d&rsquo;information Les Racont\u2019arts, c\u2019est pour tout savoir de la Soci\u00e9t\u00e9 artistique de Charlesbourg; prochaines activit\u00e9s, cours et informations concernant la Soci\u00e9t\u00e9 , vous saurez tout ! Vous pouvez \u00e9galement consulter les versions ant\u00e9rieures des Racont\u2019arts ici :[\/vc_column_text][\/vc_column][\/vc_row][vc_row min_height=\u00a0\u00bb30&Prime; margin_top=\u00a0\u00bb15&Prime; margin_bottom=\u00a0\u00bb15&Prime; padding_left=\u00a0\u00bb40&Prime;&hellip;<\/p>\n","protected":false},"author":1,"featured_media":0,"parent":0,"menu_order":0,"comment_status":"closed","ping_status":"closed","template":"","meta":{"footnotes":""},"class_list":["post-89","page","type-page","status-publish","hentry","description-off"],"_links":{"self":[{"href":"https:\/\/www.societeartistiquedecharlesbourg.com\/index.php?rest_route=\/wp\/v2\/pages\/89","targetHints":{"allow":["GET"]}}],"collection":[{"href":"https:\/\/www.societeartistiquedecharlesbourg.com\/index.php?rest_route=\/wp\/v2\/pages"}],"about":[{"href":"https:\/\/www.societeartistiquedecharlesbourg.com\/index.php?rest_route=\/wp\/v2\/types\/page"}],"author":[{"embeddable":true,"href":"https:\/\/www.societeartistiquedecharlesbourg.com\/index.php?rest_route=\/wp\/v2\/users\/1"}],"replies":[{"embeddable":true,"href":"https:\/\/www.societeartistiquedecharlesbourg.com\/index.php?rest_route=%2Fwp%2Fv2%2Fcomments&post=89"}],"version-history":[{"count":43,"href":"https:\/\/www.societeartistiquedecharlesbourg.com\/index.php?rest_route=\/wp\/v2\/pages\/89\/revisions"}],"predecessor-version":[{"id":726,"href":"https:\/\/www.societeartistiquedecharlesbourg.com\/index.php?rest_route=\/wp\/v2\/pages\/89\/revisions\/726"}],"wp:attachment":[{"href":"https:\/\/www.societeartistiquedecharlesbourg.com\/index.php?rest_route=%2Fwp%2Fv2%2Fmedia&parent=89"}],"curies":[{"name":"wp","href":"https:\/\/api.w.org\/{rel}","templated":true}]}}